{"id":9409,"date":"2020-08-20T14:29:18","date_gmt":"2020-08-20T14:29:18","guid":{"rendered":"https:\/\/apartments.zeitraum.re\/room\/apartment\/"},"modified":"2022-07-11T12:55:05","modified_gmt":"2022-07-11T12:55:05","slug":"apartment","status":"publish","type":"room","link":"https:\/\/apartments.zeitraum.re\/cs\/room\/apartment\/","title":{"rendered":"Apartm\u00e1n &#8211; Dva pokoje"},"content":{"rendered":"<p>Nov\u00e9 pln\u011b za\u0159\u00edzen\u00e9 dvoupokojov\u00e9 apartm\u00e1ny nab\u00edzej\u00ed v\u00fdjime\u010dn\u00fd komfort s prostorn\u00fdm posezen\u00edm vedlej\u0161\u00edho pokoje v kr\u00e1sn\u00e9m modern\u00edm designu. V lo\u017enici je pohodln\u00e1 velk\u00e1 postel. Apartm\u00e1ny maj\u00ed pln\u011b vybavenou kuchy\u0148 s n\u00e1dob\u00edm a my\u010dkou, velk\u00fd j\u00eddeln\u00ed st\u016fl, podlahov\u00e9 topen\u00ed, smart TV s plochou obrazovkou a odd\u011blen\u00fd ob\u00fdvac\u00ed prostor s rozkl\u00e1dac\u00ed pohovkou, kde je mo\u017en\u00e9 ubytovat dal\u0161\u00ed 2 hosty. V koupeln\u011b najdete sprchu, kosmetiku, f\u00e9n a ru\u010dn\u00edky. Wi-Fi je zdarma.<\/p>\n<p><img loading=\"lazy\" class=\"alignnone size-large wp-image-9965\" src=\"https:\/\/apartments.zeitraum.re\/wp-content\/uploads\/2020\/08\/pokoj_5-1024x724.jpg\" alt=\"\" width=\"1024\" height=\"724\" srcset=\"https:\/\/apartments.zeitraum.re\/wp-content\/uploads\/2020\/08\/pokoj_5-1024x724.jpg 1024w, https:\/\/apartments.zeitraum.re\/wp-content\/uploads\/2020\/08\/pokoj_5-300x212.jpg 300w, https:\/\/apartments.zeitraum.re\/wp-content\/uploads\/2020\/08\/pokoj_5-768x543.jpg 768w, https:\/\/apartments.zeitraum.re\/wp-content\/uploads\/2020\/08\/pokoj_5-1536x1086.jpg 1536w, https:\/\/apartments.zeitraum.re\/wp-content\/uploads\/2020\/08\/pokoj_5-2048x1448.jpg 2048w\" sizes=\"(max-width: 1024px) 100vw, 1024px\" \/><\/p>\n","protected":false},"excerpt":{"rendered":"<p>Nov\u00e9 pln\u011b za\u0159\u00edzen\u00e9 dvoupokojov\u00e9 apartm\u00e1ny nab\u00edzej\u00ed v\u00fdjime\u010dn\u00fd komfort s prostorn\u00fdm posezen\u00edm vedlej\u0161\u00edho pokoje v kr\u00e1sn\u00e9m modern\u00edm designu. V lo\u017enici je pohodln\u00e1 velk\u00e1 postel. Apartm\u00e1ny maj\u00ed pln\u011b vybavenou kuchy\u0148 s n\u00e1dob\u00edm a my\u010dkou, velk\u00fd j\u00eddeln\u00ed st\u016fl, podlahov\u00e9 topen\u00ed, smart TV s plochou obrazovkou a odd\u011blen\u00fd ob\u00fdvac\u00ed prostor s rozkl\u00e1dac\u00ed pohovkou, kde je mo\u017en\u00e9 ubytovat dal\u0161\u00ed 2 hosty. V koupeln\u011b najdete sprchu, kosmetiku, f\u00e9n a ru\u010dn\u00edky. Wi-Fi je zdarma.<\/p>\n","protected":false},"featured_media":9280,"menu_order":21,"template":"","acf":[],"aioseo_head":"\n\t\t<!-- All in One SEO Pro 4.2.2 -->\r\n\t\t<title>Zeitraum Apartments | Apartm\u00e1ny k pron\u00e1jmu Praha 1<\/title>\n\t\t<meta name=\"description\" content=\"Stylov\u00e9 apartm\u00e1ny k pron\u00e1jmu v centru Prahy. Vhodn\u00e9 pro dovolenou, pracovn\u00ed pobyt i pron\u00e1jem. Kompletn\u00ed vybaven\u00ed, vlastn\u00ed kuchyn\u011b, WIFI, recepce.\" \/>\n\t\t<meta name=\"robots\" content=\"max-image-preview:large\" \/>\n\t\t<link rel=\"canonical\" href=\"https:\/\/apartments.zeitraum.re\/cs\/room\/apartment\/\" \/>\n\t\t<meta property=\"og:locale\" content=\"cs_CZ\" \/>\n\t\t<meta property=\"og:site_name\" content=\"ZEITRAUM Apartments\" \/>\n\t\t<meta property=\"og:type\" content=\"article\" \/>\n\t\t<meta property=\"og:title\" content=\"Zeitraum Apartments | Apartm\u00e1ny k pron\u00e1jmu Praha 1\" \/>\n\t\t<meta property=\"og:description\" content=\"Stylov\u00e9 apartm\u00e1ny k pron\u00e1jmu v centru Prahy. Vhodn\u00e9 pro dovolenou, pracovn\u00ed pobyt i pron\u00e1jem. Kompletn\u00ed vybaven\u00ed, vlastn\u00ed kuchyn\u011b, WIFI, recepce.\" \/>\n\t\t<meta property=\"og:url\" content=\"https:\/\/apartments.zeitraum.re\/cs\/room\/apartment\/\" \/>\n\t\t<meta property=\"og:image\" content=\"https:\/\/apartments.zeitraum.re\/wp-content\/uploads\/2020\/08\/1_1.jpg\" \/>\n\t\t<meta property=\"og:image:secure_url\" content=\"https:\/\/apartments.zeitraum.re\/wp-content\/uploads\/2020\/08\/1_1.jpg\" \/>\n\t\t<meta property=\"og:image:width\" content=\"2560\" \/>\n\t\t<meta property=\"og:image:height\" content=\"1707\" \/>\n\t\t<meta property=\"article:published_time\" content=\"2020-08-20T14:29:18+00:00\" \/>\n\t\t<meta property=\"article:modified_time\" content=\"2022-07-11T12:55:05+00:00\" \/>\n\t\t<meta property=\"article:publisher\" content=\"https:\/\/www.facebook.com\/ZeitraumApartments\" \/>\n\t\t<meta name=\"twitter:card\" content=\"summary_large_image\" \/>\n\t\t<meta name=\"twitter:title\" content=\"Zeitraum Apartments | Apartm\u00e1ny k pron\u00e1jmu Praha 1\" \/>\n\t\t<meta name=\"twitter:description\" content=\"Stylov\u00e9 apartm\u00e1ny k pron\u00e1jmu v centru Prahy. Vhodn\u00e9 pro dovolenou, pracovn\u00ed pobyt i pron\u00e1jem. Kompletn\u00ed vybaven\u00ed, vlastn\u00ed kuchyn\u011b, WIFI, recepce.\" \/>\n\t\t<meta name=\"twitter:image\" content=\"https:\/\/apartments.zeitraum.re\/wp-content\/uploads\/2020\/08\/1_1.jpg\" \/>\n\t\t<meta name=\"twitter:label1\" content=\"Written by\" \/>\n\t\t<meta name=\"twitter:data1\" content=\"admin\" \/>\n\t\t<script type=\"application\/ld+json\" class=\"aioseo-schema\">\n\t\t\t{\"@context\":\"https:\\\/\\\/schema.org\",\"@graph\":[{\"@type\":\"WebSite\",\"@id\":\"https:\\\/\\\/apartments.zeitraum.re\\\/cs\\\/#website\",\"url\":\"https:\\\/\\\/apartments.zeitraum.re\\\/cs\\\/\",\"name\":\"ZEITRAUM Apartments\",\"inLanguage\":\"cs-CZ\",\"publisher\":{\"@id\":\"https:\\\/\\\/apartments.zeitraum.re\\\/cs\\\/#organization\"}},{\"@type\":\"Organization\",\"@id\":\"https:\\\/\\\/apartments.zeitraum.re\\\/cs\\\/#organization\",\"name\":\"ZEITRAUM Apartments\",\"url\":\"https:\\\/\\\/apartments.zeitraum.re\\\/cs\\\/\",\"logo\":{\"@type\":\"ImageObject\",\"@id\":\"https:\\\/\\\/apartments.zeitraum.re\\\/cs\\\/#organizationLogo\",\"url\":\"https:\\\/\\\/apartments.zeitraum.re\\\/wp-content\\\/uploads\\\/2021\\\/04\\\/apartmetns_logo_color.jpg\",\"width\":2416,\"height\":716},\"image\":{\"@id\":\"https:\\\/\\\/apartments.zeitraum.re\\\/cs\\\/#organizationLogo\"},\"sameAs\":[\"https:\\\/\\\/www.facebook.com\\\/ZeitraumApartments\",\"https:\\\/\\\/www.instagram.com\\\/franzbyzeitraum\\\/\"],\"contactPoint\":{\"@type\":\"ContactPoint\",\"telephone\":\"+420603951250\",\"contactType\":\"Customer Support\"}},{\"@type\":\"BreadcrumbList\",\"@id\":\"https:\\\/\\\/apartments.zeitraum.re\\\/cs\\\/room\\\/apartment\\\/#breadcrumblist\",\"itemListElement\":[{\"@type\":\"ListItem\",\"@id\":\"https:\\\/\\\/apartments.zeitraum.re\\\/cs\\\/#listItem\",\"position\":1,\"item\":{\"@type\":\"WebPage\",\"@id\":\"https:\\\/\\\/apartments.zeitraum.re\\\/cs\\\/\",\"name\":\"Home\",\"description\":\"Stylov\\u00e9 apartm\\u00e1ny k pron\\u00e1jmu v centru Prahy a Plzn\\u011b. Vhodn\\u00e9 pro dovolenou, pracovn\\u00ed pobyt i pron\\u00e1jem. Kompletn\\u00ed vybaven\\u00ed, vlastn\\u00ed kuchyn\\u011b, WIFI, recepce.\",\"url\":\"https:\\\/\\\/apartments.zeitraum.re\\\/cs\\\/\"},\"nextItem\":\"https:\\\/\\\/apartments.zeitraum.re\\\/cs\\\/room\\\/apartment\\\/#listItem\"},{\"@type\":\"ListItem\",\"@id\":\"https:\\\/\\\/apartments.zeitraum.re\\\/cs\\\/room\\\/apartment\\\/#listItem\",\"position\":2,\"item\":{\"@type\":\"WebPage\",\"@id\":\"https:\\\/\\\/apartments.zeitraum.re\\\/cs\\\/room\\\/apartment\\\/\",\"name\":\"Apartm\\u00e1n - Dva pokoje\",\"description\":\"Stylov\\u00e9 apartm\\u00e1ny k pron\\u00e1jmu v centru Prahy. Vhodn\\u00e9 pro dovolenou, pracovn\\u00ed pobyt i pron\\u00e1jem. Kompletn\\u00ed vybaven\\u00ed, vlastn\\u00ed kuchyn\\u011b, WIFI, recepce.\",\"url\":\"https:\\\/\\\/apartments.zeitraum.re\\\/cs\\\/room\\\/apartment\\\/\"},\"previousItem\":\"https:\\\/\\\/apartments.zeitraum.re\\\/cs\\\/#listItem\"}]},{\"@type\":\"Person\",\"@id\":\"https:\\\/\\\/apartments.zeitraum.re\\\/cs\\\/author\\\/admin\\\/#author\",\"url\":\"https:\\\/\\\/apartments.zeitraum.re\\\/cs\\\/author\\\/admin\\\/\",\"name\":\"admin\"},{\"@type\":\"WebPage\",\"@id\":\"https:\\\/\\\/apartments.zeitraum.re\\\/cs\\\/room\\\/apartment\\\/#webpage\",\"url\":\"https:\\\/\\\/apartments.zeitraum.re\\\/cs\\\/room\\\/apartment\\\/\",\"name\":\"Zeitraum Apartments | Apartm\\u00e1ny k pron\\u00e1jmu Praha 1\",\"description\":\"Stylov\\u00e9 apartm\\u00e1ny k pron\\u00e1jmu v centru Prahy. Vhodn\\u00e9 pro dovolenou, pracovn\\u00ed pobyt i pron\\u00e1jem. Kompletn\\u00ed vybaven\\u00ed, vlastn\\u00ed kuchyn\\u011b, WIFI, recepce.\",\"inLanguage\":\"cs-CZ\",\"isPartOf\":{\"@id\":\"https:\\\/\\\/apartments.zeitraum.re\\\/cs\\\/#website\"},\"breadcrumb\":{\"@id\":\"https:\\\/\\\/apartments.zeitraum.re\\\/cs\\\/room\\\/apartment\\\/#breadcrumblist\"},\"author\":\"https:\\\/\\\/apartments.zeitraum.re\\\/cs\\\/author\\\/admin\\\/#author\",\"creator\":\"https:\\\/\\\/apartments.zeitraum.re\\\/cs\\\/author\\\/admin\\\/#author\",\"image\":{\"@type\":\"ImageObject\",\"@id\":\"https:\\\/\\\/apartments.zeitraum.re\\\/cs\\\/#mainImage\",\"url\":\"https:\\\/\\\/apartments.zeitraum.re\\\/wp-content\\\/uploads\\\/2020\\\/08\\\/1_1.jpg\",\"width\":2560,\"height\":1707},\"primaryImageOfPage\":{\"@id\":\"https:\\\/\\\/apartments.zeitraum.re\\\/cs\\\/room\\\/apartment\\\/#mainImage\"},\"datePublished\":\"2020-08-20T14:29:18+00:00\",\"dateModified\":\"2022-07-11T12:55:05+00:00\"}]}\n\t\t<\/script>\n\t\t<!-- All in One SEO Pro -->\n\n","aioseo_head_json":{"title":"Zeitraum Apartments | Apartm\u00e1ny k pron\u00e1jmu Praha 1","description":"Stylov\u00e9 apartm\u00e1ny k pron\u00e1jmu v centru Prahy. Vhodn\u00e9 pro dovolenou, pracovn\u00ed pobyt i pron\u00e1jem. Kompletn\u00ed vybaven\u00ed, vlastn\u00ed kuchyn\u011b, WIFI, recepce.","canonical_url":"https:\/\/apartments.zeitraum.re\/cs\/room\/apartment\/","robots":"max-image-preview:large","keywords":"","webmasterTools":{"miscellaneous":""},"og:locale":"cs_CZ","og:site_name":"ZEITRAUM Apartments","og:type":"article","og:title":"Zeitraum Apartments | Apartm\u00e1ny k pron\u00e1jmu Praha 1","og:description":"Stylov\u00e9 apartm\u00e1ny k pron\u00e1jmu v centru Prahy. Vhodn\u00e9 pro dovolenou, pracovn\u00ed pobyt i pron\u00e1jem. Kompletn\u00ed vybaven\u00ed, vlastn\u00ed kuchyn\u011b, WIFI, recepce.","og:url":"https:\/\/apartments.zeitraum.re\/cs\/room\/apartment\/","og:image":"https:\/\/apartments.zeitraum.re\/wp-content\/uploads\/2020\/08\/1_1.jpg","og:image:secure_url":"https:\/\/apartments.zeitraum.re\/wp-content\/uploads\/2020\/08\/1_1.jpg","og:image:width":"2560","og:image:height":"1707","article:published_time":"2020-08-20T14:29:18+00:00","article:modified_time":"2022-07-11T12:55:05+00:00","article:publisher":"https:\/\/www.facebook.com\/ZeitraumApartments","twitter:card":"summary_large_image","twitter:title":"Zeitraum Apartments | Apartm\u00e1ny k pron\u00e1jmu Praha 1","twitter:description":"Stylov\u00e9 apartm\u00e1ny k pron\u00e1jmu v centru Prahy. Vhodn\u00e9 pro dovolenou, pracovn\u00ed pobyt i pron\u00e1jem. Kompletn\u00ed vybaven\u00ed, vlastn\u00ed kuchyn\u011b, WIFI, recepce.","twitter:image":"https:\/\/apartments.zeitraum.re\/wp-content\/uploads\/2020\/08\/1_1.jpg","twitter:label1":"Written by","twitter:data1":"admin","schema":{"@context":"https:\/\/schema.org","@graph":[{"@type":"WebSite","@id":"https:\/\/apartments.zeitraum.re\/cs\/#website","url":"https:\/\/apartments.zeitraum.re\/cs\/","name":"ZEITRAUM Apartments","inLanguage":"cs-CZ","publisher":{"@id":"https:\/\/apartments.zeitraum.re\/cs\/#organization"}},{"@type":"Organization","@id":"https:\/\/apartments.zeitraum.re\/cs\/#organization","name":"ZEITRAUM Apartments","url":"https:\/\/apartments.zeitraum.re\/cs\/","logo":{"@type":"ImageObject","@id":"https:\/\/apartments.zeitraum.re\/cs\/#organizationLogo","url":"https:\/\/apartments.zeitraum.re\/wp-content\/uploads\/2021\/04\/apartmetns_logo_color.jpg","width":2416,"height":716},"image":{"@id":"https:\/\/apartments.zeitraum.re\/cs\/#organizationLogo"},"sameAs":["https:\/\/www.facebook.com\/ZeitraumApartments","https:\/\/www.instagram.com\/franzbyzeitraum\/"],"contactPoint":{"@type":"ContactPoint","telephone":"+420603951250","contactType":"Customer Support"}},{"@type":"BreadcrumbList","@id":"https:\/\/apartments.zeitraum.re\/cs\/room\/apartment\/#breadcrumblist","itemListElement":[{"@type":"ListItem","@id":"https:\/\/apartments.zeitraum.re\/cs\/#listItem","position":1,"item":{"@type":"WebPage","@id":"https:\/\/apartments.zeitraum.re\/cs\/","name":"Home","description":"Stylov\u00e9 apartm\u00e1ny k pron\u00e1jmu v centru Prahy a Plzn\u011b. Vhodn\u00e9 pro dovolenou, pracovn\u00ed pobyt i pron\u00e1jem. Kompletn\u00ed vybaven\u00ed, vlastn\u00ed kuchyn\u011b, WIFI, recepce.","url":"https:\/\/apartments.zeitraum.re\/cs\/"},"nextItem":"https:\/\/apartments.zeitraum.re\/cs\/room\/apartment\/#listItem"},{"@type":"ListItem","@id":"https:\/\/apartments.zeitraum.re\/cs\/room\/apartment\/#listItem","position":2,"item":{"@type":"WebPage","@id":"https:\/\/apartments.zeitraum.re\/cs\/room\/apartment\/","name":"Apartm\u00e1n - Dva pokoje","description":"Stylov\u00e9 apartm\u00e1ny k pron\u00e1jmu v centru Prahy. Vhodn\u00e9 pro dovolenou, pracovn\u00ed pobyt i pron\u00e1jem. Kompletn\u00ed vybaven\u00ed, vlastn\u00ed kuchyn\u011b, WIFI, recepce.","url":"https:\/\/apartments.zeitraum.re\/cs\/room\/apartment\/"},"previousItem":"https:\/\/apartments.zeitraum.re\/cs\/#listItem"}]},{"@type":"Person","@id":"https:\/\/apartments.zeitraum.re\/cs\/author\/admin\/#author","url":"https:\/\/apartments.zeitraum.re\/cs\/author\/admin\/","name":"admin"},{"@type":"WebPage","@id":"https:\/\/apartments.zeitraum.re\/cs\/room\/apartment\/#webpage","url":"https:\/\/apartments.zeitraum.re\/cs\/room\/apartment\/","name":"Zeitraum Apartments | Apartm\u00e1ny k pron\u00e1jmu Praha 1","description":"Stylov\u00e9 apartm\u00e1ny k pron\u00e1jmu v centru Prahy. Vhodn\u00e9 pro dovolenou, pracovn\u00ed pobyt i pron\u00e1jem. Kompletn\u00ed vybaven\u00ed, vlastn\u00ed kuchyn\u011b, WIFI, recepce.","inLanguage":"cs-CZ","isPartOf":{"@id":"https:\/\/apartments.zeitraum.re\/cs\/#website"},"breadcrumb":{"@id":"https:\/\/apartments.zeitraum.re\/cs\/room\/apartment\/#breadcrumblist"},"author":"https:\/\/apartments.zeitraum.re\/cs\/author\/admin\/#author","creator":"https:\/\/apartments.zeitraum.re\/cs\/author\/admin\/#author","image":{"@type":"ImageObject","@id":"https:\/\/apartments.zeitraum.re\/cs\/#mainImage","url":"https:\/\/apartments.zeitraum.re\/wp-content\/uploads\/2020\/08\/1_1.jpg","width":2560,"height":1707},"primaryImageOfPage":{"@id":"https:\/\/apartments.zeitraum.re\/cs\/room\/apartment\/#mainImage"},"datePublished":"2020-08-20T14:29:18+00:00","dateModified":"2022-07-11T12:55:05+00:00"}]}},"aioseo_meta_data":{"post_id":"9409","title":"Zeitraum Apartments #separator_sa Apartm\u00e1ny k pron\u00e1jmu Praha 1","description":"Stylov\u00e9 apartm\u00e1ny k pron\u00e1jmu v centru Prahy. Vhodn\u00e9 pro dovolenou, pracovn\u00ed pobyt i pron\u00e1jem. Kompletn\u00ed vybaven\u00ed, vlastn\u00ed kuchyn\u011b, WIFI, recepce.","keywords":"[]","canonical_url":null,"og_title":null,"og_description":null,"og_object_type":"default","og_image_type":"featured","og_image_url":"https:\/\/apartments.zeitraum.re\/wp-content\/uploads\/2020\/08\/1_1.jpg","og_image_width":"2560","og_image_height":"1707","og_image_custom_url":null,"og_image_custom_fields":null,"og_video":"","og_custom_url":null,"og_article_section":null,"og_article_tags":"[]","twitter_use_og":true,"twitter_card":"default","twitter_image_type":"default","twitter_image_url":null,"twitter_image_custom_url":null,"twitter_image_custom_fields":null,"twitter_title":null,"twitter_description":null,"schema_type":"default","schema_type_options":"{\"article\":{\"articleType\":\"BlogPosting\"},\"course\":{\"name\":\"\",\"description\":\"\",\"provider\":\"\"},\"faq\":{\"pages\":[]},\"product\":{\"reviews\":[]},\"recipe\":{\"ingredients\":[],\"instructions\":[],\"keywords\":[]},\"software\":{\"reviews\":[],\"operatingSystems\":[]},\"webPage\":{\"webPageType\":\"WebPage\"}}","pillar_content":false,"robots_default":true,"robots_noindex":false,"robots_noarchive":false,"robots_nosnippet":false,"robots_nofollow":false,"robots_noimageindex":false,"robots_noodp":false,"robots_notranslate":false,"robots_max_snippet":"-1","robots_max_videopreview":"-1","robots_max_imagepreview":"large","priority":"default","frequency":"default","local_seo":null,"limit_modified_date":false,"created":"2022-06-28 14:12:26","updated":"2022-07-11 13:06:21"},"_links":{"self":[{"href":"https:\/\/apartments.zeitraum.re\/cs\/wp-json\/wp\/v2\/room\/9409"}],"collection":[{"href":"https:\/\/apartments.zeitraum.re\/cs\/wp-json\/wp\/v2\/room"}],"about":[{"href":"https:\/\/apartments.zeitraum.re\/cs\/wp-json\/wp\/v2\/types\/room"}],"wp:featuredmedia":[{"embeddable":true,"href":"https:\/\/apartments.zeitraum.re\/cs\/wp-json\/wp\/v2\/media\/9280"}],"wp:attachment":[{"href":"https:\/\/apartments.zeitraum.re\/cs\/wp-json\/wp\/v2\/media?parent=9409"}],"curies":[{"name":"wp","href":"https:\/\/api.w.org\/{rel}","templated":true}]}}